{"id":1511,"date":"2021-06-07T11:48:13","date_gmt":"2021-06-07T09:48:13","guid":{"rendered":"http:\/\/arxiuregnemallorca.com\/?page_id=1511"},"modified":"2024-10-02T20:29:22","modified_gmt":"2024-10-02T18:29:22","slug":"politica-de-privacitat-2","status":"publish","type":"page","link":"https:\/\/arxiuregnemallorca.com\/es\/politica-de-privacitat-2\/","title":{"rendered":"Pol\u00edtica de privacidad"},"content":{"rendered":"<p>[et_pb_section fb_built=\u00bb1&#8243; disabled_on=\u00bboff|off|off\u00bb admin_label=\u00bbHeader Section\u00bb _builder_version=\u00bb4.16&#8243; use_background_color_gradient=\u00bbon\u00bb background_color_gradient_stops=\u00bbrgba(20,61,88,0.65) 0%|#143d58 100%\u00bb background_color_gradient_overlays_image=\u00bbon\u00bb background_color_gradient_start=\u00bbrgba(20,61,88,0.65)\u00bb background_color_gradient_end=\u00bb#143d58&#8243; background_image=\u00bbhttps:\/\/arxiuregnemallorca.com\/wordpress\/wp-content\/uploads\/slide-01-7ce0f3d3b7.jpg\u00bb custom_margin=\u00bb|||\u00bb custom_padding=\u00bb6vw|0px|6vw|0px\u00bb bottom_divider_style=\u00bbmountains2&#8243; bottom_divider_color=\u00bbrgba(5,41,66,0.3)\u00bb bottom_divider_height=\u00bb20vw\u00bb animation_style=\u00bbslide\u00bb animation_direction=\u00bbtop\u00bb animation_intensity_slide=\u00bb3%\u00bb animation_starting_opacity=\u00bb100%\u00bb global_colors_info=\u00bb{}\u00bb][et_pb_row disabled_on=\u00bboff|off|off\u00bb module_class=\u00bb et_pb_row_fullwidth\u00bb _builder_version=\u00bb4.16&#8243; width=\u00bb89%\u00bb width_tablet=\u00bb80%\u00bb width_phone=\u00bb\u00bb width_last_edited=\u00bbon|desktop\u00bb max_width=\u00bb89%\u00bb max_width_tablet=\u00bb80%\u00bb max_width_phone=\u00bb\u00bb max_width_last_edited=\u00bbon|desktop\u00bb custom_padding=\u00bb|||\u00bb make_fullwidth=\u00bbon\u00bb global_colors_info=\u00bb{}\u00bb][et_pb_column type=\u00bb4_4&#8243; _builder_version=\u00bb4.16&#8243; custom_padding=\u00bb|||\u00bb global_colors_info=\u00bb{}\u00bb custom_padding__hover=\u00bb|||\u00bb][et_pb_text disabled_on=\u00bboff|off|off\u00bb _builder_version=\u00bb4.16&#8243; text_font=\u00bbMontserrat||||||||\u00bb text_font_size=\u00bb22px\u00bb text_line_height=\u00bb1.8em\u00bb header_font=\u00bbMontserrat|600||on|||||\u00bb header_text_align=\u00bbcenter\u00bb header_font_size=\u00bb8vw\u00bb header_line_height=\u00bb1.5em\u00bb text_orientation=\u00bbcenter\u00bb background_layout=\u00bbdark\u00bb custom_margin=\u00bb|||\u00bb header_font_size_tablet=\u00bb50px\u00bb header_font_size_phone=\u00bb\u00bb header_font_size_last_edited=\u00bbon|desktop\u00bb header_line_height_tablet=\u00bb1.1em\u00bb header_line_height_phone=\u00bb1.2em\u00bb header_line_height_last_edited=\u00bboff|desktop\u00bb global_colors_info=\u00bb{}\u00bb]<\/p>\n<h1>POL\u00cdTICA DE PRIVACIdad<\/h1>\n<p>[\/et_pb_text][\/et_pb_column][\/et_pb_row][\/et_pb_section][et_pb_section fb_built=\u00bb1&#8243; _builder_version=\u00bb4.16&#8243; global_colors_info=\u00bb{}\u00bb][et_pb_row _builder_version=\u00bb4.16&#8243; background_size=\u00bbinitial\u00bb background_position=\u00bbtop_left\u00bb background_repeat=\u00bbrepeat\u00bb global_colors_info=\u00bb{}\u00bb][et_pb_column type=\u00bb4_4&#8243; _builder_version=\u00bb4.16&#8243; custom_padding=\u00bb|||\u00bb global_colors_info=\u00bb{}\u00bb custom_padding__hover=\u00bb|||\u00bb][et_pb_text admin_label=\u00bbService Title\u00bb _builder_version=\u00bb4.16&#8243; header_2_font=\u00bbMontserrat||||||||\u00bb header_2_text_color=\u00bb#21323d\u00bb header_2_font_size=\u00bb40px\u00bb max_width=\u00bb800px\u00bb global_colors_info=\u00bb{}\u00bb]<\/p>\n<h2>Informaci\u00f3n sobre protecci\u00f3n de datos.<\/h2>\n<p>[\/et_pb_text][et_pb_text admin_label=\u00bbService Intro\u00bb _builder_version=\u00bb4.16&#8243; text_font=\u00bbMontserrat||||||||\u00bb text_text_color=\u00bb#5c6e7a\u00bb text_font_size=\u00bb15px\u00bb text_line_height=\u00bb2.2em\u00bb max_width=\u00bb800px\u00bb custom_padding=\u00bb|||\u00bb z_index_tablet=\u00bb500&#8243; global_colors_info=\u00bb{}\u00bb]<\/p>\n<p><strong>\u00bfQui\u00e9n es el responsable del tratamiento de sus datos?<\/strong><\/p>\n<ul>\n<li>Identidad: Archivo del Reino de Mallorca<\/li>\n<li>Direcci\u00f3n postal: Calle Ramon Llull, n.3, 07001, Palma, Illes Balears<\/li>\n<li>Tel\u00e9fono: +34 971 177 340<\/li>\n<li>E-mail: <a href=\"mailto:arm@arxregne.caib.es\">arm@arxregne.caib.es<\/a><\/li>\n<li>Contacto: Sr. Ricard Urgell Hern\u00e1ndez<\/li>\n<\/ul>\n<p><strong><\/strong><\/p>\n<p><strong>\u00bfCon qu\u00e9 finalidad tratamos sus datos personales?<\/strong><\/p>\n<p>En el Archivo del Reino de Mallorca tratamos los datos que nos ha facilitado a trav\u00e9s del formulario de contacto, \u00fanicamente con el fin de atender la solicitud o consulta que nos exprese en el formulario mencionado.<\/p>\n<p>&nbsp;<\/p>\n<p><strong>\u00bfCu\u00e1nto tiempo se conservan sus datos?<\/strong><\/p>\n<p>Sus datos se conservar\u00e1n mientras sean necesarias para garantizar la prestaci\u00f3n del servicio por parte del Archivo del Reino de Mallorca.<\/p>\n<p>&nbsp;<\/p>\n<p><strong>\u00bfA qui\u00e9n se comunicar\u00e1n sus datos?<\/strong><\/p>\n<p>Los datos que se puedan proporcionar a trav\u00e9s de nuestra web no ser\u00e1n comunicados en ning\u00fan caso a terceros, a menos que haya un imperativo legal.<\/p>\n<p>&nbsp;<\/p>\n<p><strong>\u00bfCu\u00e1les son los derechos cuando se nos facilitan los datos personales?<\/strong><\/p>\n<p>De acuerdo con la legislaci\u00f3n vigente en materia de protecci\u00f3n de datos, cualquier persona tiene el derecho de acceso, rectificaci\u00f3n, y cancelaci\u00f3n de sus datos personales dirigi\u00e9ndose a la direcci\u00f3n arriba indicada.<\/p>\n<p>[\/et_pb_text][\/et_pb_column][\/et_pb_row][\/et_pb_section]<\/p>\n","protected":false},"excerpt":{"rendered":"<p>POL\u00cdTICA DE PRIVACIdadInformaci\u00f3n sobre protecci\u00f3n de datos.\u00bfQui\u00e9n es el responsable del tratamiento de sus datos? Identidad: Archivo del Reino de Mallorca Direcci\u00f3n postal: Calle Ramon Llull, n.3, 07001, Palma, Illes Balears Tel\u00e9fono: +34 971 177 340 E-mail: arm@arxregne.caib.es Contacto: Sr. Ricard Urgell Hern\u00e1ndez \u00bfCon qu\u00e9 finalidad tratamos sus datos personales? En el Archivo del ReinoLlegir m\u00e9s &#8230;<\/p>\n","protected":false},"author":1,"featured_media":0,"parent":0,"menu_order":0,"comment_status":"closed","ping_status":"closed","template":"","meta":{"_et_pb_use_builder":"on","_et_pb_old_content":"","_et_gb_content_width":"","footnotes":""},"class_list":["post-1511","page","type-page","status-publish","hentry"],"_links":{"self":[{"href":"https:\/\/arxiuregnemallorca.com\/es\/wp-json\/wp\/v2\/pages\/1511","targetHints":{"allow":["GET"]}}],"collection":[{"href":"https:\/\/arxiuregnemallorca.com\/es\/wp-json\/wp\/v2\/pages"}],"about":[{"href":"https:\/\/arxiuregnemallorca.com\/es\/wp-json\/wp\/v2\/types\/page"}],"author":[{"embeddable":true,"href":"https:\/\/arxiuregnemallorca.com\/es\/wp-json\/wp\/v2\/users\/1"}],"replies":[{"embeddable":true,"href":"https:\/\/arxiuregnemallorca.com\/es\/wp-json\/wp\/v2\/comments?post=1511"}],"version-history":[{"count":0,"href":"https:\/\/arxiuregnemallorca.com\/es\/wp-json\/wp\/v2\/pages\/1511\/revisions"}],"wp:attachment":[{"href":"https:\/\/arxiuregnemallorca.com\/es\/wp-json\/wp\/v2\/media?parent=1511"}],"curies":[{"name":"wp","href":"https:\/\/api.w.org\/{rel}","templated":true}]}}