{"id":1434,"date":"2018-07-06T18:12:58","date_gmt":"2018-07-06T16:12:58","guid":{"rendered":"http:\/\/arxiuregnemallorca.com\/?page_id=1434"},"modified":"2024-12-23T22:27:20","modified_gmt":"2024-12-23T21:27:20","slug":"taller-conservacio-restauracio","status":"publish","type":"page","link":"https:\/\/arxiuregnemallorca.com\/es\/serveis\/taller-conservacio-restauracio\/","title":{"rendered":"Taller de Conservaci\u00f3n y Restauraci\u00f3n"},"content":{"rendered":"<p>[et_pb_section fb_built=\u00bb1&#8243; disabled_on=\u00bboff|off|off\u00bb admin_label=\u00bbHeader Section\u00bb _builder_version=\u00bb4.16&#8243; use_background_color_gradient=\u00bbon\u00bb background_color_gradient_stops=\u00bbrgba(20,61,88,0.65) 0%|#143d58 100%\u00bb background_color_gradient_overlays_image=\u00bbon\u00bb background_color_gradient_start=\u00bbrgba(20,61,88,0.65)\u00bb background_color_gradient_end=\u00bb#143d58&#8243; background_image=\u00bbhttps:\/\/arxiuregnemallorca.com\/wordpress\/wp-content\/uploads\/slide-01-7ce0f3d3b7.jpg\u00bb custom_margin=\u00bb|||\u00bb custom_padding=\u00bb6vw|0px|6vw|0px\u00bb bottom_divider_style=\u00bbmountains2&#8243; bottom_divider_color=\u00bbrgba(5,41,66,0.3)\u00bb bottom_divider_height=\u00bb20vw\u00bb animation_style=\u00bbslide\u00bb animation_direction=\u00bbtop\u00bb animation_intensity_slide=\u00bb3%\u00bb animation_starting_opacity=\u00bb100%\u00bb global_colors_info=\u00bb{}\u00bb][et_pb_row disabled_on=\u00bboff|off|off\u00bb module_class=\u00bb et_pb_row_fullwidth\u00bb _builder_version=\u00bb4.16&#8243; width=\u00bb89%\u00bb width_tablet=\u00bb80%\u00bb width_last_edited=\u00bbon|desktop\u00bb max_width=\u00bb89%\u00bb max_width_tablet=\u00bb80%\u00bb max_width_last_edited=\u00bbon|desktop\u00bb custom_padding=\u00bb|||\u00bb make_fullwidth=\u00bbon\u00bb global_colors_info=\u00bb{}\u00bb width_phone=\u00bb80%\u00bb max_width_phone=\u00bb80%\u00bb][et_pb_column type=\u00bb4_4&#8243; _builder_version=\u00bb4.16&#8243; custom_padding=\u00bb|||\u00bb global_colors_info=\u00bb{}\u00bb custom_padding__hover=\u00bb|||\u00bb][et_pb_text disabled_on=\u00bboff|off|off\u00bb _builder_version=\u00bb4.16&#8243; text_font=\u00bbMontserrat||||||||\u00bb text_font_size=\u00bb22px\u00bb text_line_height=\u00bb1.8em\u00bb header_font=\u00bbMontserrat|600||on|||||\u00bb header_text_align=\u00bbcenter\u00bb header_font_size=\u00bb8vw\u00bb header_line_height=\u00bb1.5em\u00bb text_orientation=\u00bbcenter\u00bb background_layout=\u00bbdark\u00bb custom_margin=\u00bb|||\u00bb header_font_size_tablet=\u00bb50px\u00bb header_font_size_phone=\u00bb\u00bb header_font_size_last_edited=\u00bbon|desktop\u00bb header_line_height_tablet=\u00bb1.1em\u00bb header_line_height_phone=\u00bb1.2em\u00bb header_line_height_last_edited=\u00bboff|desktop\u00bb global_colors_info=\u00bb{}\u00bb]<\/p>\n<h1>SERVICIOS<\/h1>\n<p>[\/et_pb_text][\/et_pb_column][\/et_pb_row][\/et_pb_section][et_pb_section fb_built=\u00bb1&#8243; admin_label=\u00bbCTA Section\u00bb _builder_version=\u00bb4.16&#8243; use_background_color_gradient=\u00bbon\u00bb background_color_gradient_direction=\u00bb90deg\u00bb background_color_gradient_stops=\u00bbrgba(242,246,249,0) 80%|#f2f6f9 80%\u00bb background_color_gradient_start=\u00bbrgba(242,246,249,0)\u00bb background_color_gradient_start_position=\u00bb80%\u00bb background_color_gradient_end=\u00bb#f2f6f9&#8243; background_color_gradient_end_position=\u00bb80%\u00bb custom_padding=\u00bb120px|0px|0px|0px\u00bb animation_style=\u00bbslide\u00bb animation_direction=\u00bbright\u00bb animation_intensity_slide=\u00bb1%\u00bb saved_tabs=\u00bball\u00bb global_colors_info=\u00bb{}\u00bb][et_pb_row use_custom_gutter=\u00bbon\u00bb custom_padding_last_edited=\u00bboff|desktop\u00bb admin_label=\u00bbCTA Row\u00bb _builder_version=\u00bb4.16&#8243; background_color_gradient_direction=\u00bb90deg\u00bb width=\u00bb100%\u00bb max_width=\u00bb100%\u00bb module_alignment=\u00bbcenter\u00bb custom_padding=\u00bb|||\u00bb custom_padding_tablet=\u00bb120px|||\u00bb custom_padding_phone=\u00bb120px|0px|0px|0px\u00bb use_custom_width=\u00bbon\u00bb width_unit=\u00bboff\u00bb custom_width_percent=\u00bb100%\u00bb global_colors_info=\u00bb{}\u00bb column_structure=\u00bb1_2,1_2&#8243;][et_pb_column type=\u00bb1_2&#8243; _builder_version=\u00bb4.16&#8243; custom_padding=\u00bb|||10%\u00bb custom_padding_tablet=\u00bb|10%||10%\u00bb custom_padding_last_edited=\u00bbon|desktop\u00bb global_colors_info=\u00bb{}\u00bb padding_tablet=\u00bb|10%||10%\u00bb padding_last_edited=\u00bbon|desktop\u00bb custom_padding__hover=\u00bb|||\u00bb custom_padding_phone=\u00bb|10%||10%\u00bb padding_phone=\u00bb|10%||10%\u00bb][et_pb_text admin_label=\u00bbTitle\u00bb _builder_version=\u00bb4.16&#8243; header_2_font=\u00bbMontserrat||||||||\u00bb header_2_font_size=\u00bb40px\u00bb header_2_line_height=\u00bb1.5em\u00bb max_width=\u00bb800px\u00bb custom_margin=\u00bb||20px|\u00bb custom_padding=\u00bb|||\u00bb custom_padding_tablet=\u00bb0px|10%||70px\u00bb custom_padding_phone=\u00bb0px|10%||50px\u00bb custom_padding_last_edited=\u00bboff|desktop\u00bb header_2_font_size_tablet=\u00bb35px\u00bb header_2_font_size_phone=\u00bb\u00bb header_2_font_size_last_edited=\u00bbon|phone\u00bb header_2_line_height_tablet=\u00bb1em\u00bb header_2_line_height_phone=\u00bb1.4em\u00bb header_2_line_height_last_edited=\u00bboff|desktop\u00bb global_colors_info=\u00bb{}\u00bb]<\/p>\n<h2>Taller de Conservaci\u00f3n y Restauraci\u00f3n<\/h2>\n<p>[\/et_pb_text][et_pb_text admin_label=\u00bbParagraph\u00bb _builder_version=\u00bb4.16&#8243; text_font=\u00bbMontserrat||||||||\u00bb text_font_size=\u00bb16px\u00bb text_line_height=\u00bb2.2em\u00bb header_2_font=\u00bbMontserrat||||||||\u00bb header_2_text_color=\u00bb#21323d\u00bb header_2_font_size=\u00bb40px\u00bb header_2_line_height=\u00bb1.5em\u00bb max_width=\u00bb800px\u00bb custom_margin=\u00bb||80px|\u00bb custom_padding=\u00bb|||\u00bb custom_padding_tablet=\u00bb|100px||70px\u00bb custom_padding_phone=\u00bb|||50px\u00bb custom_padding_last_edited=\u00bboff|desktop\u00bb text_line_height_last_edited=\u00bboff|desktop\u00bb header_2_font_size_tablet=\u00bb35px\u00bb header_2_font_size_phone=\u00bb\u00bb header_2_font_size_last_edited=\u00bbon|phone\u00bb header_2_line_height_tablet=\u00bb1em\u00bb header_2_line_height_phone=\u00bb1.4em\u00bb header_2_line_height_last_edited=\u00bboff|desktop\u00bb global_colors_info=\u00bb{}\u00bb]<\/p>\n<p>El Taller de Conservaci\u00f3n y Restauraci\u00f3n del Archivo del Reino de Mallorca empez\u00f3 a funcionar a principios del a\u00f1o 1998 gracias al acuerdo firmado entre el Gobierno de las Islas Baleares, la Fundaci\u00f3n Juan March y la Banca March, este acuerdo dotaba la instituci\u00f3n de todo el equipamiento t\u00e9cnico necesario para realizar restauraciones de envergadura.<\/p>\n<p>[\/et_pb_text][\/et_pb_column][et_pb_column type=\u00bb1_2&#8243; _builder_version=\u00bb4.16&#8243; custom_padding=\u00bb|||\u00bb global_colors_info=\u00bb{}\u00bb custom_padding__hover=\u00bb|||\u00bb][et_pb_image src=\u00bbhttps:\/\/arxiuregnemallorca.com\/wordpress\/wp-content\/uploads\/restauracio.jpg\u00bb show_in_lightbox=\u00bbon\u00bb align=\u00bbright\u00bb align_tablet=\u00bbcenter\u00bb align_last_edited=\u00bbon|desktop\u00bb _builder_version=\u00bb4.16&#8243; box_shadow_style=\u00bbpreset3&#8243; box_shadow_horizontal=\u00bb-40px\u00bb box_shadow_vertical=\u00bb40px\u00bb box_shadow_blur=\u00bb80px\u00bb box_shadow_spread=\u00bb-24px\u00bb global_colors_info=\u00bb{}\u00bb align_phone=\u00bbcenter\u00bb]<\/p>\n<p>&nbsp;<\/p>\n<p>[\/et_pb_image][\/et_pb_column][\/et_pb_row][\/et_pb_section][et_pb_section fb_built=\u00bb1&#8243; admin_label=\u00bbCTA Section\u00bb _builder_version=\u00bb4.16&#8243; use_background_color_gradient=\u00bbon\u00bb background_color_gradient_direction=\u00bb90deg\u00bb background_color_gradient_stops=\u00bbrgba(242,246,249,0) 80%|#f2f6f9 80%\u00bb background_color_gradient_start=\u00bbrgba(242,246,249,0)\u00bb background_color_gradient_start_position=\u00bb80%\u00bb background_color_gradient_end=\u00bb#f2f6f9&#8243; background_color_gradient_end_position=\u00bb80%\u00bb custom_padding=\u00bb0px|0px|120px|0px\u00bb animation_style=\u00bbslide\u00bb animation_direction=\u00bbright\u00bb animation_intensity_slide=\u00bb1%\u00bb saved_tabs=\u00bball\u00bb global_colors_info=\u00bb{}\u00bb][et_pb_row use_custom_gutter=\u00bbon\u00bb custom_padding_last_edited=\u00bboff|desktop\u00bb admin_label=\u00bbCTA Row\u00bb _builder_version=\u00bb4.16&#8243; background_color_gradient_direction=\u00bb90deg\u00bb width=\u00bb100%\u00bb max_width=\u00bb100%\u00bb module_alignment=\u00bbcenter\u00bb custom_padding=\u00bb27px|0px|0|0px|false|false\u00bb custom_padding_tablet=\u00bb120px|||\u00bb custom_padding_phone=\u00bb120px|0px|0px|0px\u00bb use_custom_width=\u00bbon\u00bb width_unit=\u00bboff\u00bb custom_width_percent=\u00bb100%\u00bb global_colors_info=\u00bb{}\u00bb][et_pb_column type=\u00bb4_4&#8243; _builder_version=\u00bb4.16&#8243; custom_padding=\u00bb|||10%\u00bb custom_padding_tablet=\u00bb|10%||10%\u00bb custom_padding_last_edited=\u00bbon|desktop\u00bb global_colors_info=\u00bb{}\u00bb padding_tablet=\u00bb|10%||10%\u00bb padding_last_edited=\u00bbon|desktop\u00bb custom_padding__hover=\u00bb|||\u00bb custom_padding_phone=\u00bb|10%||10%\u00bb padding_phone=\u00bb|10%||10%\u00bb][et_pb_text admin_label=\u00bbParagraph\u00bb _builder_version=\u00bb4.16&#8243; text_font=\u00bbMontserrat||||||||\u00bb text_font_size=\u00bb16px\u00bb text_line_height=\u00bb2.2em\u00bb header_2_font=\u00bbMontserrat||||||||\u00bb header_2_text_color=\u00bb#21323d\u00bb header_2_font_size=\u00bb40px\u00bb header_2_line_height=\u00bb1.5em\u00bb max_width=\u00bb800px\u00bb custom_margin=\u00bb||80px|\u00bb custom_padding=\u00bb|||\u00bb custom_padding_tablet=\u00bb|100px||70px\u00bb custom_padding_phone=\u00bb|||50px\u00bb custom_padding_last_edited=\u00bboff|desktop\u00bb text_line_height_last_edited=\u00bboff|desktop\u00bb header_2_font_size_tablet=\u00bb35px\u00bb header_2_font_size_phone=\u00bb\u00bb header_2_font_size_last_edited=\u00bbon|phone\u00bb header_2_line_height_tablet=\u00bb1em\u00bb header_2_line_height_phone=\u00bb1.4em\u00bb header_2_line_height_last_edited=\u00bboff|desktop\u00bb global_colors_info=\u00bb{}\u00bb]<\/p>\n<p>El taller naci\u00f3 como respuesta a la necesidad de la conservaci\u00f3n del patrimonio documental y bibliogr\u00e1fico custodiado en el ARM. Sus principales funciones son: <\/p>\n<p>[\/et_pb_text][\/et_pb_column][\/et_pb_row][et_pb_row _builder_version=\u00bb4.16&#8243; background_size=\u00bbinitial\u00bb background_position=\u00bbtop_left\u00bb background_repeat=\u00bbrepeat\u00bb global_colors_info=\u00bb{}\u00bb column_structure=\u00bb1_2,1_2&#8243;][et_pb_column type=\u00bb1_2&#8243; _builder_version=\u00bb4.16&#8243; custom_padding=\u00bb|||\u00bb global_colors_info=\u00bb{}\u00bb custom_padding__hover=\u00bb|||\u00bb][et_pb_blurb title=\u00bbRestauraci\u00f3n de la documentaci\u00f3n conservada en el ARM con el fin de restablecer su integridad f\u00edsica y funcional (perdidas a consecuencia del paso del tiempo, del manejo y por una serie de circunstancias adversas) a los materiales que le dan forma: el soporte (papel , pergamino) y dem\u00e1s elementos (tintas, sellos, etc)\u00bb image=\u00bbhttps:\/\/arxiuregnemallorca.com\/wordpress\/wp-content\/uploads\/Check_Icon.jpg\u00bb icon_placement=\u00bbleft\u00bb content_max_width=\u00bb100%\u00bb admin_label=\u00bbService\u00bb _builder_version=\u00bb4.16&#8243; header_font=\u00bbMontserrat||||||||\u00bb header_text_color=\u00bb#5c6e7a\u00bb header_font_size=\u00bb15px\u00bb custom_padding=\u00bb|||\u00bb custom_padding_tablet=\u00bb||20px|\u00bb custom_padding_phone=\u00bb|||\u00bb custom_padding_last_edited=\u00bboff|desktop\u00bb global_colors_info=\u00bb{}\u00bb]&nbsp;<br \/>\n[\/et_pb_blurb][et_pb_blurb title=\u00bbLos controles de la luz, la humedad y la temperatura en los dep\u00f3sitos documentales mediante instrumentos de medida que permiten realizar un seguimiento peri\u00f3dico.\u00bb image=\u00bbhttps:\/\/arxiuregnemallorca.com\/wordpress\/wp-content\/uploads\/Check_Icon.jpg\u00bb icon_placement=\u00bbleft\u00bb content_max_width=\u00bb100%\u00bb admin_label=\u00bbService\u00bb _builder_version=\u00bb4.16&#8243; header_font=\u00bbMontserrat||||||||\u00bb header_text_color=\u00bb#5c6e7a\u00bb header_font_size=\u00bb15px\u00bb custom_padding=\u00bb|||\u00bb custom_padding_tablet=\u00bb||20px|\u00bb custom_padding_phone=\u00bb|||\u00bb custom_padding_last_edited=\u00bboff|desktop\u00bb global_colors_info=\u00bb{}\u00bb]&nbsp;<br \/>\n[\/et_pb_blurb][et_pb_blurb title=\u00bbEl control de la contaminaci\u00f3n biol\u00f3gica, que trata de evitar la aparici\u00f3n de individuos bibli\u00f3fagos (como los hongos) y de insectos, con medidas de desinfecci\u00f3n y limpieza de los dep\u00f3sitos y con el mantenimiento de unos buenos niveles de temperatura y humedad .\u00bb image=\u00bbhttps:\/\/arxiuregnemallorca.com\/wordpress\/wp-content\/uploads\/Check_Icon.jpg\u00bb icon_placement=\u00bbleft\u00bb content_max_width=\u00bb100%\u00bb admin_label=\u00bbService\u00bb _builder_version=\u00bb4.16&#8243; header_font=\u00bbMontserrat||||||||\u00bb header_text_color=\u00bb#5c6e7a\u00bb header_font_size=\u00bb15px\u00bb custom_padding=\u00bb|||\u00bb custom_padding_tablet=\u00bb||20px|\u00bb custom_padding_phone=\u00bb|||\u00bb custom_padding_last_edited=\u00bboff|desktop\u00bb global_colors_info=\u00bb{}\u00bb]&nbsp;<br \/>\n[\/et_pb_blurb][\/et_pb_column][et_pb_column type=\u00bb1_2&#8243; _builder_version=\u00bb4.16&#8243; custom_padding=\u00bb|||\u00bb global_colors_info=\u00bb{}\u00bb custom_padding__hover=\u00bb|||\u00bb][et_pb_blurb title=\u00bbProtecci\u00f3n del patrimonio documental y bibliogr\u00e1fico en caso de que se vayan a exponer, transportar o almacenar documentos.\u00bb image=\u00bbhttps:\/\/arxiuregnemallorca.com\/wordpress\/wp-content\/uploads\/Check_Icon.jpg\u00bb icon_placement=\u00bbleft\u00bb content_max_width=\u00bb100%\u00bb admin_label=\u00bbService\u00bb _builder_version=\u00bb4.16&#8243; header_font=\u00bbMontserrat||||||||\u00bb header_text_color=\u00bb#5c6e7a\u00bb header_font_size=\u00bb15px\u00bb custom_padding=\u00bb|||\u00bb custom_padding_tablet=\u00bb||20px|\u00bb custom_padding_phone=\u00bb|||\u00bb custom_padding_last_edited=\u00bboff|desktop\u00bb global_colors_info=\u00bb{}\u00bb]&nbsp;<br \/>\n[\/et_pb_blurb][et_pb_blurb title=\u00bbFirmar convenios de restauraci\u00f3n con diferentes instituciones y centros que custodian patrimonio documental de las Islas Baleares. As\u00ed, desde 1998 se han firmado convenios con los ayuntamientos de Palma, Eivissa, Algaida, Campos, Capdepera y Muro, el Consejo Insular de Menorca, el Monasterio de Lluc y el Centro Regional de Historia y Cultura Militar de Baleares. \u00bb image=\u00bbhttps:\/\/arxiuregnemallorca.com\/wordpress\/wp-content\/uploads\/Check_Icon.jpg\u00bb icon_placement=\u00bbleft\u00bb content_max_width=\u00bb100%\u00bb admin_label=\u00bbService\u00bb _builder_version=\u00bb4.16&#8243; header_font=\u00bbMontserrat||||||||\u00bb header_text_color=\u00bb#5c6e7a\u00bb header_font_size=\u00bb15px\u00bb custom_padding=\u00bb|||\u00bb custom_padding_tablet=\u00bb||20px|\u00bb custom_padding_phone=\u00bb|||\u00bb custom_padding_last_edited=\u00bboff|desktop\u00bb global_colors_info=\u00bb{}\u00bb]&nbsp;<br \/>\n[\/et_pb_blurb][\/et_pb_column][\/et_pb_row][\/et_pb_section]<\/p>\n","protected":false},"excerpt":{"rendered":"<p>SERVICIOS Taller de Conservaci\u00f3n y Restauraci\u00f3n El Taller de Conservaci\u00f3n y Restauraci\u00f3n del Archivo del Reino de Mallorca empez\u00f3 a funcionar a principios del a\u00f1o 1998 gracias al acuerdo firmado entre el Gobierno de las Islas Baleares, la Fundaci\u00f3n Juan March y la Banca March, este acuerdo dotaba la instituci\u00f3n de todo el equipamiento t\u00e9cnicoLlegir m\u00e9s &#8230;<\/p>\n","protected":false},"author":1,"featured_media":0,"parent":1385,"menu_order":0,"comment_status":"closed","ping_status":"closed","template":"","meta":{"_et_pb_use_builder":"on","_et_pb_old_content":"","_et_gb_content_width":"","footnotes":""},"class_list":["post-1434","page","type-page","status-publish","hentry"],"_links":{"self":[{"href":"https:\/\/arxiuregnemallorca.com\/es\/wp-json\/wp\/v2\/pages\/1434","targetHints":{"allow":["GET"]}}],"collection":[{"href":"https:\/\/arxiuregnemallorca.com\/es\/wp-json\/wp\/v2\/pages"}],"about":[{"href":"https:\/\/arxiuregnemallorca.com\/es\/wp-json\/wp\/v2\/types\/page"}],"author":[{"embeddable":true,"href":"https:\/\/arxiuregnemallorca.com\/es\/wp-json\/wp\/v2\/users\/1"}],"replies":[{"embeddable":true,"href":"https:\/\/arxiuregnemallorca.com\/es\/wp-json\/wp\/v2\/comments?post=1434"}],"version-history":[{"count":0,"href":"https:\/\/arxiuregnemallorca.com\/es\/wp-json\/wp\/v2\/pages\/1434\/revisions"}],"up":[{"embeddable":true,"href":"https:\/\/arxiuregnemallorca.com\/es\/wp-json\/wp\/v2\/pages\/1385"}],"wp:attachment":[{"href":"https:\/\/arxiuregnemallorca.com\/es\/wp-json\/wp\/v2\/media?parent=1434"}],"curies":[{"name":"wp","href":"https:\/\/api.w.org\/{rel}","templated":true}]}}