{"id":1327,"date":"2021-06-04T18:29:25","date_gmt":"2021-06-04T16:29:25","guid":{"rendered":"http:\/\/arxiuregnemallorca.com\/?page_id=1327"},"modified":"2024-12-23T22:07:34","modified_gmt":"2024-12-23T21:07:34","slug":"edifici","status":"publish","type":"page","link":"https:\/\/arxiuregnemallorca.com\/es\/inicio-2\/edifici\/","title":{"rendered":"Edificio"},"content":{"rendered":"<p>[et_pb_section fb_built=\u00bb1&#8243; disabled_on=\u00bboff|off|off\u00bb admin_label=\u00bbHeader Section\u00bb _builder_version=\u00bb4.16&#8243; use_background_color_gradient=\u00bbon\u00bb background_color_gradient_stops=\u00bbrgba(20,61,88,0.65) 0%|#143d58 100%\u00bb background_color_gradient_overlays_image=\u00bbon\u00bb background_color_gradient_start=\u00bbrgba(20,61,88,0.65)\u00bb background_color_gradient_end=\u00bb#143d58&#8243; background_image=\u00bbhttps:\/\/arxiuregnemallorca.com\/wordpress\/wp-content\/uploads\/slide-01-7ce0f3d3b7.jpg\u00bb custom_margin=\u00bb|||\u00bb custom_padding=\u00bb6vw|0px|6vw|0px\u00bb bottom_divider_style=\u00bbmountains2&#8243; bottom_divider_color=\u00bbrgba(5,41,66,0.3)\u00bb bottom_divider_height=\u00bb20vw\u00bb animation_style=\u00bbslide\u00bb animation_direction=\u00bbtop\u00bb animation_intensity_slide=\u00bb3%\u00bb animation_starting_opacity=\u00bb100%\u00bb global_colors_info=\u00bb{}\u00bb][et_pb_row disabled_on=\u00bboff|off|off\u00bb module_class=\u00bb et_pb_row_fullwidth\u00bb _builder_version=\u00bb4.16&#8243; width=\u00bb89%\u00bb width_tablet=\u00bb80%\u00bb width_last_edited=\u00bbon|desktop\u00bb max_width=\u00bb89%\u00bb max_width_tablet=\u00bb80%\u00bb max_width_last_edited=\u00bbon|desktop\u00bb custom_padding=\u00bb|||\u00bb make_fullwidth=\u00bbon\u00bb global_colors_info=\u00bb{}\u00bb width_phone=\u00bb80%\u00bb max_width_phone=\u00bb80%\u00bb][et_pb_column type=\u00bb4_4&#8243; _builder_version=\u00bb4.16&#8243; custom_padding=\u00bb|||\u00bb global_colors_info=\u00bb{}\u00bb custom_padding__hover=\u00bb|||\u00bb][et_pb_text disabled_on=\u00bboff|off|off\u00bb _builder_version=\u00bb4.16&#8243; text_font=\u00bbMontserrat||||||||\u00bb text_font_size=\u00bb22px\u00bb text_line_height=\u00bb1.8em\u00bb header_font=\u00bbMontserrat|600||on|||||\u00bb header_text_align=\u00bbcenter\u00bb header_font_size=\u00bb8vw\u00bb header_line_height=\u00bb1.5em\u00bb text_orientation=\u00bbcenter\u00bb background_layout=\u00bbdark\u00bb custom_margin=\u00bb|||\u00bb header_font_size_tablet=\u00bb50px\u00bb header_font_size_phone=\u00bb\u00bb header_font_size_last_edited=\u00bbon|desktop\u00bb header_line_height_tablet=\u00bb1.1em\u00bb header_line_height_phone=\u00bb1.2em\u00bb header_line_height_last_edited=\u00bboff|desktop\u00bb global_colors_info=\u00bb{}\u00bb]<\/p>\n<h1>Edificio<\/h1>\n<p>[\/et_pb_text][\/et_pb_column][\/et_pb_row][\/et_pb_section][et_pb_section fb_built=\u00bb1&#8243; use_custom_gutter=\u00bbon\u00bb specialty=\u00bbon\u00bb custom_padding_last_edited=\u00bbon|phone\u00bb padding_top_1=\u00bb0px\u00bb padding_top_2=\u00bb0px\u00bb padding_right_2=\u00bb5%\u00bb padding_bottom_2=\u00bb0px\u00bb padding_1_tablet=\u00bb\u00bb padding_2_tablet=\u00bb0px|||10%\u00bb padding_1_phone=\u00bb\u00bb padding_2_phone=\u00bb|||\u00bb padding_1_last_edited=\u00bbon|phone\u00bb padding_2_last_edited=\u00bbon|phone\u00bb admin_label=\u00bbAbout Section\u00bb _builder_version=\u00bb4.16&#8243; use_background_color_gradient=\u00bbon\u00bb background_color_gradient_direction=\u00bb90deg\u00bb background_color_gradient_stops=\u00bb#f2f6f9 25%|rgba(242,246,249,0) 25%\u00bb background_color_gradient_start=\u00bb#f2f6f9&#8243; background_color_gradient_start_position=\u00bb25%\u00bb background_color_gradient_end=\u00bbrgba(242,246,249,0)\u00bb background_color_gradient_end_position=\u00bb25%\u00bb inner_width=\u00bb100%\u00bb inner_max_width=\u00bb100%\u00bb custom_margin=\u00bb|||\u00bb custom_margin_tablet=\u00bb80px|80px|80px|80px\u00bb custom_margin_phone=\u00bb\u00bb custom_margin_last_edited=\u00bbon|desktop\u00bb custom_padding=\u00bb120px|0px|120px|0px\u00bb custom_padding_tablet=\u00bb\u00bb custom_padding_phone=\u00bb\u00bb animation_style=\u00bbslide\u00bb animation_direction=\u00bbleft\u00bb animation_intensity_slide=\u00bb1%\u00bb use_custom_width=\u00bbon\u00bb width_unit=\u00bboff\u00bb custom_width_percent=\u00bb100%\u00bb locked=\u00bboff\u00bb global_colors_info=\u00bb{}\u00bb][et_pb_column type=\u00bb1_3&#8243; _builder_version=\u00bb4.16&#8243; custom_padding=\u00bb|||\u00bb global_colors_info=\u00bb{}\u00bb custom_padding__hover=\u00bb|||\u00bb][et_pb_image src=\u00bbhttps:\/\/arxiuregnemallorca.com\/wordpress\/wp-content\/uploads\/facana1_web.jpg\u00bb show_in_lightbox=\u00bbon\u00bb force_fullwidth=\u00bbon\u00bb align_tablet=\u00bbcenter\u00bb align_last_edited=\u00bbon|desktop\u00bb _builder_version=\u00bb4.16&#8243; custom_margin=\u00bb|||\u00bb custom_margin_tablet=\u00bb|60px||60px\u00bb custom_margin_phone=\u00bb100px|||\u00bb custom_margin_last_edited=\u00bbon|tablet\u00bb custom_padding=\u00bb|||\u00bb box_shadow_style=\u00bbpreset3&#8243; box_shadow_horizontal=\u00bb40px\u00bb box_shadow_vertical=\u00bb40px\u00bb box_shadow_blur=\u00bb80px\u00bb box_shadow_spread=\u00bb-24px\u00bb box_shadow_color=\u00bbrgba(67,96,124,0.5)\u00bb global_colors_info=\u00bb{}\u00bb align_phone=\u00bbcenter\u00bb][\/et_pb_image][\/et_pb_column][et_pb_column type=\u00bb2_3&#8243; specialty_columns=\u00bb2&#8243; _builder_version=\u00bb4.16&#8243; custom_padding=\u00bb|||\u00bb global_colors_info=\u00bb{}\u00bb custom_padding__hover=\u00bb|||\u00bb][et_pb_row_inner custom_padding_last_edited=\u00bboff|desktop\u00bb _builder_version=\u00bb4.16&#8243; max_width=\u00bb800px\u00bb custom_margin=\u00bb|||\u00bb custom_padding=\u00bb0|0px|48.17px|0px|false|false\u00bb custom_padding_phone=\u00bb|||\u00bb locked=\u00bboff\u00bb global_colors_info=\u00bb{}\u00bb][et_pb_column_inner saved_specialty_column_type=\u00bb2_3&#8243; _builder_version=\u00bb4.16&#8243; custom_padding=\u00bb|||\u00bb global_colors_info=\u00bb{}\u00bb custom_padding__hover=\u00bb|||\u00bb][et_pb_text admin_label=\u00bbTitle\u00bb _builder_version=\u00bb4.16&#8243; header_2_font=\u00bbMontserrat||||||||\u00bb header_2_font_size=\u00bb40px\u00bb header_2_line_height=\u00bb1.5em\u00bb custom_margin=\u00bb|||\u00bb custom_padding=\u00bb|||\u00bb header_2_font_size_tablet=\u00bb35px\u00bb header_2_font_size_phone=\u00bb\u00bb header_2_font_size_last_edited=\u00bbon|phone\u00bb header_2_line_height_tablet=\u00bb1em\u00bb header_2_line_height_phone=\u00bb1.4em\u00bb header_2_line_height_last_edited=\u00bboff|desktop\u00bb global_colors_info=\u00bb{}\u00bb]<\/p>\n<h2>Edificio.<\/h2>\n<p>[\/et_pb_text][et_pb_text admin_label=\u00bbParagraph\u00bb _builder_version=\u00bb4.16&#8243; text_font=\u00bbMontserrat||||||||\u00bb text_font_size=\u00bb16px\u00bb text_line_height=\u00bb2.2em\u00bb custom_margin=\u00bb|||\u00bb global_colors_info=\u00bb{}\u00bb]Con motivo de la formaci\u00f3n del Patronato Provincial de Baleares, se cre\u00f3 en 1939 la Casa de Cultura de Palma con la intenci\u00f3n de integrar en un mismo edificio varios centros culturales. La idea integradora no era nueva, puesto que existi\u00f3 un proyecto para reunir los archivos m\u00e1s importantes de Mallorca en el Real Palacio de la Almudaina durante los a\u00f1os de la Segunda Rep\u00fablica Espa\u00f1ola.<\/p>\n<p>La ejecuci\u00f3n del proyecto planteado por el arquitecto Guillem Forteza Pi\u00f1a sobre un antiguo solar franciscano, se inici\u00f3 en 1942 y se prolong\u00f3 hasta 1955, y cont\u00f3 con la intervenci\u00f3n de Gabriel Alomar Esteve y Josep Ferragut Pou. El resultado fue un edificio neoregionalista al que se traslad\u00f3 el Archivo del Reino de Mallorca desde su antigua sede del Ajuntament de Palma. En esta primera \u00e9poca, el Archivo compart\u00eda el espacio de la Casa de Cultura con la Biblioteca P\u00fablica de Mallorca y el Museo de Mallorca, que se han trasladado posteriormente a otros lugares de Ciudad.<\/p>\n<p>Actualmente, la Casa de Cultura de Palma ha sido objeto, entre los a\u00f1os 2010-2013, de un proceso de rehabilitaci\u00f3n y reforma integral del edificio para albergar la nueva sede del Archivo del Reino de Mallorca del siglo XXI y as\u00ed mejorar la capacidad para hacer frente a sus funciones fundamentales: asegurar la conservaci\u00f3n del fondo documental, mejorar la atenci\u00f3n al p\u00fablico en general y al investigador en particular, con la incorporaci\u00f3n de nuevos servicios, y tecnolog\u00edas y conseguir la m\u00e1xima difusi\u00f3n posible de su contenido, como fuente de nuestra historia, logrando as\u00ed la capacidad de producir alta cultura accesible a todo el mundo.<br \/>\n[\/et_pb_text][et_pb_text admin_label=\u00bbTitle\u00bb _builder_version=\u00bb4.16&#8243; header_2_font=\u00bbMontserrat||||||||\u00bb header_2_font_size=\u00bb40px\u00bb header_2_line_height=\u00bb1.5em\u00bb custom_margin=\u00bb|||\u00bb custom_padding=\u00bb|||\u00bb header_2_font_size_tablet=\u00bb35px\u00bb header_2_font_size_phone=\u00bb\u00bb header_2_font_size_last_edited=\u00bbon|phone\u00bb header_2_line_height_tablet=\u00bb1em\u00bb header_2_line_height_phone=\u00bb1.4em\u00bb header_2_line_height_last_edited=\u00bboff|desktop\u00bb global_colors_info=\u00bb{}\u00bb]<\/p>\n<h3>Instalaciones:<\/h3>\n<p>[\/et_pb_text][\/et_pb_column_inner][\/et_pb_row_inner][et_pb_row_inner admin_label=\u00bbFila\u00bb _builder_version=\u00bb4.16&#8243; global_colors_info=\u00bb{}\u00bb column_structure=\u00bb1_2,1_2&#8243;][et_pb_column_inner type=\u00bb1_2&#8243; saved_specialty_column_type=\u00bb2_3&#8243; _builder_version=\u00bb4.16&#8243; custom_padding=\u00bb|||\u00bb global_colors_info=\u00bb{}\u00bb custom_padding__hover=\u00bb|||\u00bb][et_pb_blurb title=\u00bbSala de lectura para consulta del fondo, con capacidad para 30 personas.\u00bb image=\u00bbhttps:\/\/arxiuregnemallorca.com\/wordpress\/wp-content\/uploads\/Check_Icon.jpg\u00bb icon_placement=\u00bbleft\u00bb content_max_width=\u00bb100%\u00bb admin_label=\u00bbService\u00bb _builder_version=\u00bb4.16&#8243; header_font=\u00bbMontserrat||||||||\u00bb header_text_color=\u00bb#5c6e7a\u00bb header_font_size=\u00bb15px\u00bb custom_padding=\u00bb|||\u00bb custom_padding_tablet=\u00bb||20px|\u00bb custom_padding_phone=\u00bb|||\u00bb custom_padding_last_edited=\u00bboff|desktop\u00bb global_colors_info=\u00bb{}\u00bb][\/et_pb_blurb][et_pb_blurb title=\u00bbSala con lectores de microfilme.\u00bb image=\u00bbhttps:\/\/arxiuregnemallorca.com\/wordpress\/wp-content\/uploads\/Check_Icon.jpg\u00bb icon_placement=\u00bbleft\u00bb content_max_width=\u00bb100%\u00bb admin_label=\u00bbService\u00bb _builder_version=\u00bb4.16&#8243; header_font=\u00bbMontserrat||||||||\u00bb header_text_color=\u00bb#5c6e7a\u00bb header_font_size=\u00bb15px\u00bb custom_padding=\u00bb|||\u00bb custom_padding_tablet=\u00bb||20px|\u00bb custom_padding_phone=\u00bb|||\u00bb custom_padding_last_edited=\u00bboff|desktop\u00bb global_colors_info=\u00bb{}\u00bb][\/et_pb_blurb][et_pb_blurb title=\u00bb  3 salas para trabajar en grupo.\u00bb image=\u00bbhttps:\/\/arxiuregnemallorca.com\/wordpress\/wp-content\/uploads\/Check_Icon.jpg\u00bb icon_placement=\u00bbleft\u00bb content_max_width=\u00bb100%\u00bb admin_label=\u00bbService\u00bb _builder_version=\u00bb4.16&#8243; header_font=\u00bbMontserrat||||||||\u00bb header_text_color=\u00bb#5c6e7a\u00bb header_font_size=\u00bb15px\u00bb custom_padding=\u00bb|||\u00bb custom_padding_tablet=\u00bb||20px|\u00bb custom_padding_phone=\u00bb|||\u00bb custom_padding_last_edited=\u00bboff|desktop\u00bb global_colors_info=\u00bb{}\u00bb][\/et_pb_blurb][et_pb_blurb title=\u00bb  \u00c1rea de descanso por investigadores.\u00bb image=\u00bbhttps:\/\/arxiuregnemallorca.com\/wordpress\/wp-content\/uploads\/Check_Icon.jpg\u00bb icon_placement=\u00bbleft\u00bb content_max_width=\u00bb100%\u00bb admin_label=\u00bbService\u00bb _builder_version=\u00bb4.16&#8243; header_font=\u00bbMontserrat||||||||\u00bb header_text_color=\u00bb#5c6e7a\u00bb header_font_size=\u00bb15px\u00bb custom_padding=\u00bb|||\u00bb custom_padding_tablet=\u00bb||20px|\u00bb custom_padding_phone=\u00bb|||\u00bb custom_padding_last_edited=\u00bboff|desktop\u00bb global_colors_info=\u00bb{}\u00bb][\/et_pb_blurb][et_pb_blurb title=\u00bbBiblioteca auxiliar de consulta.\u00bb image=\u00bbhttps:\/\/arxiuregnemallorca.com\/wordpress\/wp-content\/uploads\/Check_Icon.jpg\u00bb icon_placement=\u00bbleft\u00bb content_max_width=\u00bb100%\u00bb admin_label=\u00bbService\u00bb _builder_version=\u00bb4.16&#8243; header_font=\u00bbMontserrat||||||||\u00bb header_text_color=\u00bb#5c6e7a\u00bb header_font_size=\u00bb15px\u00bb custom_padding=\u00bb|||\u00bb custom_padding_tablet=\u00bb||20px|\u00bb custom_padding_phone=\u00bb|||\u00bb custom_padding_last_edited=\u00bboff|desktop\u00bb global_colors_info=\u00bb{}\u00bb][\/et_pb_blurb][\/et_pb_column_inner][et_pb_column_inner type=\u00bb1_2&#8243; saved_specialty_column_type=\u00bb2_3&#8243; _builder_version=\u00bb4.16&#8243; custom_padding=\u00bb|||\u00bb global_colors_info=\u00bb{}\u00bb custom_padding__hover=\u00bb|||\u00bb][et_pb_blurb title=\u00bbAula para clases pr\u00e1cticas.\u00bb image=\u00bbhttps:\/\/arxiuregnemallorca.com\/wordpress\/wp-content\/uploads\/Check_Icon.jpg\u00bb icon_placement=\u00bbleft\u00bb content_max_width=\u00bb100%\u00bb admin_label=\u00bbService\u00bb _builder_version=\u00bb4.16&#8243; header_font=\u00bbMontserrat||||||||\u00bb header_text_color=\u00bb#5c6e7a\u00bb header_font_size=\u00bb15px\u00bb custom_padding=\u00bb|||\u00bb custom_padding_tablet=\u00bb||20px|\u00bb custom_padding_phone=\u00bb|||\u00bb custom_padding_last_edited=\u00bboff|desktop\u00bb global_colors_info=\u00bb{}\u00bb][\/et_pb_blurb][et_pb_blurb title=\u00bbSala de conferencias.\u00bb image=\u00bbhttps:\/\/arxiuregnemallorca.com\/wordpress\/wp-content\/uploads\/Check_Icon.jpg\u00bb icon_placement=\u00bbleft\u00bb content_max_width=\u00bb100%\u00bb admin_label=\u00bbService\u00bb _builder_version=\u00bb4.16&#8243; header_font=\u00bbMontserrat||||||||\u00bb header_text_color=\u00bb#5c6e7a\u00bb header_font_size=\u00bb15px\u00bb custom_padding=\u00bb|||\u00bb custom_padding_tablet=\u00bb||20px|\u00bb custom_padding_phone=\u00bb|||\u00bb custom_padding_last_edited=\u00bboff|desktop\u00bb global_colors_info=\u00bb{}\u00bb][\/et_pb_blurb][et_pb_blurb title=\u00bbSala de exposiciones.\u00bb image=\u00bbhttps:\/\/arxiuregnemallorca.com\/wordpress\/wp-content\/uploads\/Check_Icon.jpg\u00bb icon_placement=\u00bbleft\u00bb content_max_width=\u00bb100%\u00bb admin_label=\u00bbService\u00bb _builder_version=\u00bb4.16&#8243; header_font=\u00bbMontserrat||||||||\u00bb header_text_color=\u00bb#5c6e7a\u00bb header_font_size=\u00bb15px\u00bb custom_padding=\u00bb|||\u00bb custom_padding_tablet=\u00bb||20px|\u00bb custom_padding_phone=\u00bb|||\u00bb custom_padding_last_edited=\u00bboff|desktop\u00bb global_colors_info=\u00bb{}\u00bb][\/et_pb_blurb][et_pb_blurb title=\u00bbTaller de restauraci\u00f3n.\u00bb image=\u00bbhttps:\/\/arxiuregnemallorca.com\/wordpress\/wp-content\/uploads\/Check_Icon.jpg\u00bb icon_placement=\u00bbleft\u00bb content_max_width=\u00bb100%\u00bb admin_label=\u00bbService\u00bb _builder_version=\u00bb4.16&#8243; header_font=\u00bbMontserrat||||||||\u00bb header_text_color=\u00bb#5c6e7a\u00bb header_font_size=\u00bb15px\u00bb custom_padding=\u00bb|||\u00bb custom_padding_tablet=\u00bb||20px|\u00bb custom_padding_phone=\u00bb|||\u00bb custom_padding_last_edited=\u00bboff|desktop\u00bb global_colors_info=\u00bb{}\u00bb][\/et_pb_blurb][et_pb_blurb title=\u00bbLaboratorio de fotograf\u00eda y digitalizaci\u00f3n.\u00bb image=\u00bbhttps:\/\/arxiuregnemallorca.com\/wordpress\/wp-content\/uploads\/Check_Icon.jpg\u00bb icon_placement=\u00bbleft\u00bb content_max_width=\u00bb100%\u00bb admin_label=\u00bbService\u00bb _builder_version=\u00bb4.16&#8243; header_font=\u00bbMontserrat||||||||\u00bb header_text_color=\u00bb#5c6e7a\u00bb header_font_size=\u00bb15px\u00bb custom_padding=\u00bb|||\u00bb custom_padding_tablet=\u00bb||20px|\u00bb custom_padding_phone=\u00bb|||\u00bb custom_padding_last_edited=\u00bboff|desktop\u00bb global_colors_info=\u00bb{}\u00bb][\/et_pb_blurb][\/et_pb_column_inner][\/et_pb_row_inner][\/et_pb_column][\/et_pb_section]<\/p>\n","protected":false},"excerpt":{"rendered":"<p>Edificio Edificio. Con motivo de la formaci\u00f3n del Patronato Provincial de Baleares, se cre\u00f3 en 1939 la Casa de Cultura de Palma con la intenci\u00f3n de integrar en un mismo edificio varios centros culturales. La idea integradora no era nueva, puesto que existi\u00f3 un proyecto para reunir los archivos m\u00e1s importantes de Mallorca en elLlegir m\u00e9s &#8230;<\/p>\n","protected":false},"author":1,"featured_media":0,"parent":1348,"menu_order":0,"comment_status":"closed","ping_status":"closed","template":"","meta":{"_et_pb_use_builder":"on","_et_pb_old_content":"","_et_gb_content_width":"","footnotes":""},"class_list":["post-1327","page","type-page","status-publish","hentry"],"_links":{"self":[{"href":"https:\/\/arxiuregnemallorca.com\/es\/wp-json\/wp\/v2\/pages\/1327","targetHints":{"allow":["GET"]}}],"collection":[{"href":"https:\/\/arxiuregnemallorca.com\/es\/wp-json\/wp\/v2\/pages"}],"about":[{"href":"https:\/\/arxiuregnemallorca.com\/es\/wp-json\/wp\/v2\/types\/page"}],"author":[{"embeddable":true,"href":"https:\/\/arxiuregnemallorca.com\/es\/wp-json\/wp\/v2\/users\/1"}],"replies":[{"embeddable":true,"href":"https:\/\/arxiuregnemallorca.com\/es\/wp-json\/wp\/v2\/comments?post=1327"}],"version-history":[{"count":0,"href":"https:\/\/arxiuregnemallorca.com\/es\/wp-json\/wp\/v2\/pages\/1327\/revisions"}],"up":[{"embeddable":true,"href":"https:\/\/arxiuregnemallorca.com\/es\/wp-json\/wp\/v2\/pages\/1348"}],"wp:attachment":[{"href":"https:\/\/arxiuregnemallorca.com\/es\/wp-json\/wp\/v2\/media?parent=1327"}],"curies":[{"name":"wp","href":"https:\/\/api.w.org\/{rel}","templated":true}]}}